{"id":1195,"date":"2020-07-18T16:32:58","date_gmt":"2020-07-18T22:32:58","guid":{"rendered":"https:\/\/www.colegiosansebastian.edu.gt\/?page_id=1195"},"modified":"2025-09-03T16:34:16","modified_gmt":"2025-09-03T22:34:16","slug":"banda-marcial-copia-2","status":"publish","type":"page","link":"https:\/\/www.colegiosansebastian.edu.gt\/?page_id=1195","title":{"rendered":"Noticias"},"content":{"rendered":"<\/div><\/div><\/div><!-- close content main div --><\/div><\/div><div id='av-layout-grid-1' class='av-layout-grid-container entry-content-wrapper main_color av-flex-cells     container_wrap sidebar_right'   >\n<div class=\"flex_cell no_margin av_one_full    av-zero-padding \" style='vertical-align:top; padding:0px; '><div class='flex_cell_inner' ><div class='avia-image-container  av-styling-     avia-align-center '  itemscope=\"itemscope\" itemtype=\"https:\/\/schema.org\/ImageObject\"  ><div class='avia-image-container-inner'><img class='avia_image ' src='https:\/\/i0.wp.com\/www.colegiosansebastian.edu.gt\/wp-content\/uploads\/2020\/07\/noticias-header.jpg?fit=1995%2C398&ssl=1' alt='' title=''   itemprop=\"thumbnailUrl\"  \/><\/div><\/div>\n<\/div><\/div>\n<\/div>\n<\/div><\/div><\/div><!-- close content main div --><\/div><\/div><div id='av-layout-grid-2' class='av-layout-grid-container entry-content-wrapper main_color av-flex-cells    container_wrap sidebar_right'   >\n<div class=\"flex_cell no_margin av_one_full    av-zero-padding \" style='vertical-align:top; padding:0px; background-color:#ffffff; '><div class='flex_cell_inner' ><p><div class='flex_column_table av-equal-height-column-flextable -flextable' ><div class=\"flex_column av_two_third  flex_column_table_cell av-equal-height-column av-align-middle first   \" style='padding:5px 20px 0px 20px ; background-color:rgba(255,255,255,0.94); border-radius:0px; '><p><div class='avia-image-container  av-styling-     avia-align-center '  itemscope=\"itemscope\" itemtype=\"https:\/\/schema.org\/ImageObject\"  ><div class='avia-image-container-inner'><img data-recalc-dims=\"1\" class='avia_image ' src=\"https:\/\/i0.wp.com\/www.colegiosansebastian.edu.gt\/wp-content\/uploads\/2022\/02\/Biografia-Maestro-Marroquin.jpeg?w=1500&#038;ssl=1\" alt='' title=''   itemprop=\"thumbnailUrl\"  \/><\/div><\/div><br \/>\n<section class=\"av_textblock_section \"  itemscope=\"itemscope\" itemtype=\"https:\/\/schema.org\/CreativeWork\" ><div class='avia_textblock  av_inherit_color '  style='color:#000000; '  itemprop=\"text\" ><h1>Reconocimiento Lic. Edgar Marroqu\u00edn Amado<\/h1>\n<p>El domingo 8 de junio del 2025 en el Estadio la Pedrera se llevo a cabo el reconocimiento al Lic. Edgar Marroorqu\u00edn Amado otorgado por la comunidad de bandas de Guatemala por su gran trayectoria como Director del Colegio para Varones San Sebasti\u00e1n.<\/p>\n<h1 style=\"text-align: center;\"><\/h1>\n<\/div><\/section><\/p><\/div><\/div><!--close column table wrapper. Autoclose: 1 --><div class=\"flex_column av_one_full  flex_column_div first   \" style='padding:0px 30px 0px 30px ; background-color:rgba(255,255,255,0.94); border-radius:0px; '><p><div id='av-masonry-1' class='av-masonry noHover av-fixed-size av-1px-gap av-hover-overlay- av-masonry-col-4 av-caption-always av-caption-style- av-masonry-gallery   av-orientation-portrait-large  ' style='background-color:#ffffff; ' ><div class='av-masonry-container isotope av-js-disabled ' ><div class='av-masonry-entry isotope-item av-masonry-item-no-image '><\/div><div id='av-masonry-1-item-2322' data-av-masonry-item='2322' class='av-masonry-entry isotope-item post-2322 attachment type-attachment status-inherit hentry  av-masonry-item-with-image'   itemprop=\"thumbnailUrl\" ><div class='av-inner-masonry-sizer'><\/div><figure class='av-inner-masonry main_color'><div class=\"av-masonry-outerimage-container\"><div class=\"av-masonry-image-container\" style=\"background-image: url(https:\/\/i0.wp.com\/www.colegiosansebastian.edu.gt\/wp-content\/uploads\/2025\/09\/R2.jpg?fit=529%2C705&ssl=1);\"><img decoding=\"async\" src=\"https:\/\/i0.wp.com\/www.colegiosansebastian.edu.gt\/wp-content\/uploads\/2025\/09\/R2.jpg?fit=529%2C705&ssl=1\" title=\"R2\" alt=\"\" \/><\/div><\/div><figcaption class='av-inner-masonry-content site-background'><div class='av-inner-masonry-content-pos'><div class='av-inner-masonry-content-pos-content'><div class='avia-arrow'><\/div><\/div><\/div><\/figcaption><\/figure><\/div><!--end av-masonry entry--><div id='av-masonry-1-item-2320' data-av-masonry-item='2320' class='av-masonry-entry isotope-item post-2320 attachment type-attachment status-inherit hentry  av-masonry-item-with-image'   itemprop=\"thumbnailUrl\" ><div class='av-inner-masonry-sizer'><\/div><figure class='av-inner-masonry main_color'><div class=\"av-masonry-outerimage-container\"><div class=\"av-masonry-image-container\" style=\"background-image: url(https:\/\/i0.wp.com\/www.colegiosansebastian.edu.gt\/wp-content\/uploads\/2025\/09\/R4.jpg?fit=705%2C564&ssl=1);\"><img decoding=\"async\" src=\"https:\/\/i0.wp.com\/www.colegiosansebastian.edu.gt\/wp-content\/uploads\/2025\/09\/R4.jpg?fit=705%2C564&ssl=1\" title=\"R4\" alt=\"\" \/><\/div><\/div><figcaption class='av-inner-masonry-content site-background'><div class='av-inner-masonry-content-pos'><div class='av-inner-masonry-content-pos-content'><div class='avia-arrow'><\/div><\/div><\/div><\/figcaption><\/figure><\/div><!--end av-masonry entry--><div id='av-masonry-1-item-2323' data-av-masonry-item='2323' class='av-masonry-entry isotope-item post-2323 attachment type-attachment status-inherit hentry  av-masonry-item-with-image'   itemprop=\"thumbnailUrl\" ><div class='av-inner-masonry-sizer'><\/div><figure class='av-inner-masonry main_color'><div class=\"av-masonry-outerimage-container\"><div class=\"av-masonry-image-container\" style=\"background-image: url(https:\/\/i0.wp.com\/www.colegiosansebastian.edu.gt\/wp-content\/uploads\/2025\/09\/R3.jpg?fit=705%2C564&ssl=1);\"><img decoding=\"async\" src=\"https:\/\/i0.wp.com\/www.colegiosansebastian.edu.gt\/wp-content\/uploads\/2025\/09\/R3.jpg?fit=705%2C564&ssl=1\" title=\"R3\" alt=\"\" \/><\/div><\/div><figcaption class='av-inner-masonry-content site-background'><div class='av-inner-masonry-content-pos'><div class='av-inner-masonry-content-pos-content'><div class='avia-arrow'><\/div><\/div><\/div><\/figcaption><\/figure><\/div><!--end av-masonry entry--><div id='av-masonry-1-item-2321' data-av-masonry-item='2321' class='av-masonry-entry isotope-item post-2321 attachment type-attachment status-inherit hentry  av-masonry-item-with-image'   itemprop=\"thumbnailUrl\" ><div class='av-inner-masonry-sizer'><\/div><figure class='av-inner-masonry main_color'><div class=\"av-masonry-outerimage-container\"><div class=\"av-masonry-image-container\" style=\"background-image: url(https:\/\/i0.wp.com\/www.colegiosansebastian.edu.gt\/wp-content\/uploads\/2025\/09\/R1.jpg?fit=529%2C705&ssl=1);\"><img decoding=\"async\" src=\"https:\/\/i0.wp.com\/www.colegiosansebastian.edu.gt\/wp-content\/uploads\/2025\/09\/R1.jpg?fit=529%2C705&ssl=1\" title=\"R1\" alt=\"\" \/><\/div><\/div><figcaption class='av-inner-masonry-content site-background'><div class='av-inner-masonry-content-pos'><div class='av-inner-masonry-content-pos-content'><div class='avia-arrow'><\/div><\/div><\/div><\/figcaption><\/figure><\/div><!--end av-masonry entry--><\/div><\/div><br \/>\n<div class='avia-image-container  av-styling-     avia-align-center '  itemscope=\"itemscope\" itemtype=\"https:\/\/schema.org\/ImageObject\"  ><div class='avia-image-container-inner'><img data-recalc-dims=\"1\" class='avia_image ' src=\"https:\/\/i0.wp.com\/www.colegiosansebastian.edu.gt\/wp-content\/uploads\/2022\/02\/Biografia-Maestro-Marroquin.jpeg?w=1500&#038;ssl=1\" alt='' title=''   itemprop=\"thumbnailUrl\"  \/><\/div><\/div><\/p><\/div><\/p>\n<\/div><\/div>\n<\/div>\n<\/div><\/div><\/div><!-- close content main div --><\/div><\/div><div id='av-layout-grid-3' class='av-layout-grid-container entry-content-wrapper main_color av-flex-cells    container_wrap sidebar_right'   >\n<div class=\"flex_cell no_margin av_one_full    av-zero-padding \" style='vertical-align:top; padding:0px; background-color:#ffffff; '><div class='flex_cell_inner' ><p><div class='flex_column_table av-equal-height-column-flextable -flextable' ><div class=\"flex_column av_two_third  flex_column_table_cell av-equal-height-column av-align-middle first   \" style='padding:0px 5px 0px 5px ; background-color:rgba(255,255,255,0.94); border-radius:0px; '><p><div class='avia-image-container  av-styling-     avia-align-center '  itemscope=\"itemscope\" itemtype=\"https:\/\/schema.org\/ImageObject\"  ><div class='avia-image-container-inner'><img data-recalc-dims=\"1\" class='avia_image ' src=\"https:\/\/i0.wp.com\/www.colegiosansebastian.edu.gt\/wp-content\/uploads\/2022\/02\/Biografia-Maestro-Marroquin.jpeg?w=1500&#038;ssl=1\" alt='' title=''   itemprop=\"thumbnailUrl\"  \/><\/div><\/div><br \/>\n<section class=\"av_textblock_section \"  itemscope=\"itemscope\" itemtype=\"https:\/\/schema.org\/CreativeWork\" ><div class='avia_textblock  av_inherit_color '  style='color:#000000; '  itemprop=\"text\" ><h1 style=\"text-align: center;\">Folleto Informativo Admisiones 2026<\/h1>\n<\/div><\/section><\/p><\/div><\/div><!--close column table wrapper. Autoclose: 1 --><section class=\"avia_codeblock_section  avia_code_block_0\"  itemscope=\"itemscope\" itemtype=\"https:\/\/schema.org\/CreativeWork\" ><div class='avia_codeblock '  itemprop=\"text\" > [avia_codeblock_placeholder uid=\"0\"] <\/div><\/section><\/p>\n<\/div><\/div>\n<\/div>\n<\/div><\/div><\/div><!-- close content main div --><\/div><\/div><div id='av-layout-grid-4' class='av-layout-grid-container entry-content-wrapper main_color av-flex-cells    container_wrap sidebar_right'   >\n<div class=\"flex_cell no_margin av_one_full    av-zero-padding \" style='vertical-align:top; padding:0px; background-color:#ffffff; '><div class='flex_cell_inner' ><p><div class='flex_column_table av-equal-height-column-flextable -flextable' ><div class=\"flex_column av_two_third  flex_column_table_cell av-equal-height-column av-align-middle first   \" style='padding:5px; background-color:rgba(255,255,255,0.94); border-radius:0px; '><p><div class='avia-image-container  av-styling-     avia-align-center '  itemscope=\"itemscope\" itemtype=\"https:\/\/schema.org\/ImageObject\"  ><div class='avia-image-container-inner'><img data-recalc-dims=\"1\" class='avia_image ' src=\"https:\/\/i0.wp.com\/www.colegiosansebastian.edu.gt\/wp-content\/uploads\/2022\/02\/Biografia-Maestro-Marroquin.jpeg?w=1500&#038;ssl=1\" alt='' title=''   itemprop=\"thumbnailUrl\"  \/><\/div><\/div><br \/>\n<section class=\"av_textblock_section \"  itemscope=\"itemscope\" itemtype=\"https:\/\/schema.org\/CreativeWork\" ><div class='avia_textblock  av_inherit_color '  style='color:#000000; '  itemprop=\"text\" ><h1 style=\"text-align: center;\">Celebraci\u00f3n D\u00eda del Maestro 2024<\/h1>\n<\/div><\/section><\/p><\/div><\/div><!--close column table wrapper. Autoclose: 1 --><div class=\"flex_column av_one_full  flex_column_div first   \" style='padding:0px 30px 0px 30px ; background-color:rgba(255,255,255,0.94); border-radius:0px; '><p><div id='av-masonry-2' class='av-masonry noHover av-fixed-size av-1px-gap av-hover-overlay- av-masonry-col-3 av-caption-always av-caption-style- av-masonry-gallery   av-orientation-portrait  ' style='background-color:#ffffff; ' ><div class='av-masonry-container isotope av-js-disabled ' ><div class='av-masonry-entry isotope-item av-masonry-item-no-image '><\/div><div id='av-masonry-2-item-2225' data-av-masonry-item='2225' class='av-masonry-entry isotope-item post-2225 attachment type-attachment status-inherit hentry  av-masonry-item-with-image'   itemprop=\"thumbnailUrl\" ><div class='av-inner-masonry-sizer'><\/div><figure class='av-inner-masonry main_color'><div class=\"av-masonry-outerimage-container\"><div class=\"av-masonry-image-container\" style=\"background-image: url(https:\/\/i0.wp.com\/www.colegiosansebastian.edu.gt\/wp-content\/uploads\/2024\/07\/IMG-20240701-WA0010.jpg?fit=529%2C705&ssl=1);\"><img decoding=\"async\" src=\"https:\/\/i0.wp.com\/www.colegiosansebastian.edu.gt\/wp-content\/uploads\/2024\/07\/IMG-20240701-WA0010.jpg?fit=529%2C705&ssl=1\" title=\"IMG-20240701-WA0010\" alt=\"\" \/><\/div><\/div><figcaption class='av-inner-masonry-content site-background'><div class='av-inner-masonry-content-pos'><div class='av-inner-masonry-content-pos-content'><div class='avia-arrow'><\/div><div class='av-masonry-entry-content entry-content'  itemprop=\"text\" >Regina de Marroqu\u00edn-50 A\u00f1os de Servicio<\/div><\/div><\/div><\/figcaption><\/figure><\/div><!--end av-masonry entry--><div id='av-masonry-2-item-2227' data-av-masonry-item='2227' class='av-masonry-entry isotope-item post-2227 attachment type-attachment status-inherit hentry  av-masonry-item-with-image'   itemprop=\"thumbnailUrl\" ><div class='av-inner-masonry-sizer'><\/div><figure class='av-inner-masonry main_color'><div class=\"av-masonry-outerimage-container\"><div class=\"av-masonry-image-container\" style=\"background-image: url(https:\/\/i0.wp.com\/www.colegiosansebastian.edu.gt\/wp-content\/uploads\/2024\/07\/IMG-20240701-WA0012.jpg?fit=529%2C705&ssl=1);\"><img decoding=\"async\" src=\"https:\/\/i0.wp.com\/www.colegiosansebastian.edu.gt\/wp-content\/uploads\/2024\/07\/IMG-20240701-WA0012.jpg?fit=529%2C705&ssl=1\" title=\"IMG-20240701-WA0012\" alt=\"\" \/><\/div><\/div><figcaption class='av-inner-masonry-content site-background'><div class='av-inner-masonry-content-pos'><div class='av-inner-masonry-content-pos-content'><div class='avia-arrow'><\/div><div class='av-masonry-entry-content entry-content'  itemprop=\"text\" >Fabiola de Mej\u00eda-30 A\u00f1os de Servicio<\/div><\/div><\/div><\/figcaption><\/figure><\/div><!--end av-masonry entry--><div id='av-masonry-2-item-2229' data-av-masonry-item='2229' class='av-masonry-entry isotope-item post-2229 attachment type-attachment status-inherit hentry  av-masonry-item-with-image'   itemprop=\"thumbnailUrl\" ><div class='av-inner-masonry-sizer'><\/div><figure class='av-inner-masonry main_color'><div class=\"av-masonry-outerimage-container\"><div class=\"av-masonry-image-container\" style=\"background-image: url(https:\/\/i0.wp.com\/www.colegiosansebastian.edu.gt\/wp-content\/uploads\/2024\/07\/IMG-20240701-WA0005.jpg?fit=529%2C705&ssl=1);\"><img decoding=\"async\" src=\"https:\/\/i0.wp.com\/www.colegiosansebastian.edu.gt\/wp-content\/uploads\/2024\/07\/IMG-20240701-WA0005.jpg?fit=529%2C705&ssl=1\" title=\"IMG-20240701-WA0005\" alt=\"\" \/><\/div><\/div><figcaption class='av-inner-masonry-content site-background'><div class='av-inner-masonry-content-pos'><div class='av-inner-masonry-content-pos-content'><div class='avia-arrow'><\/div><div class='av-masonry-entry-content entry-content'  itemprop=\"text\" >Celeste Monterroso-5 A\u00f1os de Servicio<\/div><\/div><\/div><\/figcaption><\/figure><\/div><!--end av-masonry entry--><div id='av-masonry-2-item-2230' data-av-masonry-item='2230' class='av-masonry-entry isotope-item post-2230 attachment type-attachment status-inherit hentry  av-masonry-item-with-image'   itemprop=\"thumbnailUrl\" ><div class='av-inner-masonry-sizer'><\/div><figure class='av-inner-masonry main_color'><div class=\"av-masonry-outerimage-container\"><div class=\"av-masonry-image-container\" style=\"background-image: url(https:\/\/i0.wp.com\/www.colegiosansebastian.edu.gt\/wp-content\/uploads\/2024\/07\/IMG-20240701-WA0006.jpg?fit=529%2C705&ssl=1);\"><img decoding=\"async\" src=\"https:\/\/i0.wp.com\/www.colegiosansebastian.edu.gt\/wp-content\/uploads\/2024\/07\/IMG-20240701-WA0006.jpg?fit=529%2C705&ssl=1\" title=\"IMG-20240701-WA0006\" alt=\"\" \/><\/div><\/div><figcaption class='av-inner-masonry-content site-background'><div class='av-inner-masonry-content-pos'><div class='av-inner-masonry-content-pos-content'><div class='avia-arrow'><\/div><div class='av-masonry-entry-content entry-content'  itemprop=\"text\" >Luis Rodr\u00edguez-30 A\u00f1os de Servicio<\/div><\/div><\/div><\/figcaption><\/figure><\/div><!--end av-masonry entry--><div id='av-masonry-2-item-2231' data-av-masonry-item='2231' class='av-masonry-entry isotope-item post-2231 attachment type-attachment status-inherit hentry  av-masonry-item-with-image'   itemprop=\"thumbnailUrl\" ><div class='av-inner-masonry-sizer'><\/div><figure class='av-inner-masonry main_color'><div class=\"av-masonry-outerimage-container\"><div class=\"av-masonry-image-container\" style=\"background-image: url(https:\/\/i0.wp.com\/www.colegiosansebastian.edu.gt\/wp-content\/uploads\/2024\/07\/IMG-20240701-WA0007.jpg?fit=529%2C705&ssl=1);\"><img decoding=\"async\" src=\"https:\/\/i0.wp.com\/www.colegiosansebastian.edu.gt\/wp-content\/uploads\/2024\/07\/IMG-20240701-WA0007.jpg?fit=529%2C705&ssl=1\" title=\"IMG-20240701-WA0007\" alt=\"\" \/><\/div><\/div><figcaption class='av-inner-masonry-content site-background'><div class='av-inner-masonry-content-pos'><div class='av-inner-masonry-content-pos-content'><div class='avia-arrow'><\/div><div class='av-masonry-entry-content entry-content'  itemprop=\"text\" >Kevin Sum-5 A\u00f1os de Servicio<\/div><\/div><\/div><\/figcaption><\/figure><\/div><!--end av-masonry entry--><div id='av-masonry-2-item-2233' data-av-masonry-item='2233' class='av-masonry-entry isotope-item post-2233 attachment type-attachment status-inherit hentry  av-masonry-item-with-image'   itemprop=\"thumbnailUrl\" ><div class='av-inner-masonry-sizer'><\/div><figure class='av-inner-masonry main_color'><div class=\"av-masonry-outerimage-container\"><div class=\"av-masonry-image-container\" style=\"background-image: url(https:\/\/i0.wp.com\/www.colegiosansebastian.edu.gt\/wp-content\/uploads\/2024\/07\/IMG-20240701-WA0009.jpg?fit=529%2C705&ssl=1);\"><img decoding=\"async\" src=\"https:\/\/i0.wp.com\/www.colegiosansebastian.edu.gt\/wp-content\/uploads\/2024\/07\/IMG-20240701-WA0009.jpg?fit=529%2C705&ssl=1\" title=\"IMG-20240701-WA0009\" alt=\"\" \/><\/div><\/div><figcaption class='av-inner-masonry-content site-background'><div class='av-inner-masonry-content-pos'><div class='av-inner-masonry-content-pos-content'><div class='avia-arrow'><\/div><div class='av-masonry-entry-content entry-content'  itemprop=\"text\" >Adolfo L\u00f3pez-10 A\u00f1os de Servicio<\/div><\/div><\/div><\/figcaption><\/figure><\/div><!--end av-masonry entry--><div id='av-masonry-2-item-2232' data-av-masonry-item='2232' class='av-masonry-entry isotope-item post-2232 attachment type-attachment status-inherit hentry  av-masonry-item-with-image'   itemprop=\"thumbnailUrl\" ><div class='av-inner-masonry-sizer'><\/div><figure class='av-inner-masonry main_color'><div class=\"av-masonry-outerimage-container\"><div class=\"av-masonry-image-container\" style=\"background-image: url(https:\/\/i0.wp.com\/www.colegiosansebastian.edu.gt\/wp-content\/uploads\/2024\/07\/IMG-20240701-WA0008.jpg?fit=529%2C705&ssl=1);\"><img decoding=\"async\" src=\"https:\/\/i0.wp.com\/www.colegiosansebastian.edu.gt\/wp-content\/uploads\/2024\/07\/IMG-20240701-WA0008.jpg?fit=529%2C705&ssl=1\" title=\"IMG-20240701-WA0008\" alt=\"\" \/><\/div><\/div><figcaption class='av-inner-masonry-content site-background'><div class='av-inner-masonry-content-pos'><div class='av-inner-masonry-content-pos-content'><div class='avia-arrow'><\/div><div class='av-masonry-entry-content entry-content'  itemprop=\"text\" >Mar\u00eda Fernanda Paniagua-Maestra Distinguida 2024<\/div><\/div><\/div><\/figcaption><\/figure><\/div><!--end av-masonry entry--><\/div><\/div><br \/>\n<div class='avia-image-container  av-styling-     avia-align-center '  itemscope=\"itemscope\" itemtype=\"https:\/\/schema.org\/ImageObject\"  ><div class='avia-image-container-inner'><img data-recalc-dims=\"1\" class='avia_image ' src=\"https:\/\/i0.wp.com\/www.colegiosansebastian.edu.gt\/wp-content\/uploads\/2022\/02\/Biografia-Maestro-Marroquin.jpeg?w=1500&#038;ssl=1\" alt='' title=''   itemprop=\"thumbnailUrl\"  \/><\/div><\/div><\/p><\/div><div class=\"flex_column av_one_full  flex_column_div first   \" style='padding:0px 30px 0px 30px ; background-color:rgba(255,255,255,0.94); border-radius:0px; '><p><div id='av-masonry-3' class='av-masonry noHover av-fixed-size av-large-gap av-hover-overlay- av-masonry-col-2 av-caption-always av-caption-style- av-masonry-gallery     ' style='background-color:#ffffff; ' ><div class='av-masonry-container isotope av-js-disabled ' ><div class='av-masonry-entry isotope-item av-masonry-item-no-image '><\/div><div id='av-masonry-3-item-2228' data-av-masonry-item='2228' class='av-masonry-entry isotope-item post-2228 attachment type-attachment status-inherit hentry  av-masonry-item-with-image'   itemprop=\"thumbnailUrl\" ><div class='av-inner-masonry-sizer'><\/div><figure class='av-inner-masonry main_color'><div class=\"av-masonry-outerimage-container\"><div class=\"av-masonry-image-container\" style=\"background-image: url(https:\/\/i0.wp.com\/www.colegiosansebastian.edu.gt\/wp-content\/uploads\/2024\/07\/IMG-20240701-WA0013.jpg?fit=705%2C529&ssl=1);\"><img decoding=\"async\" src=\"https:\/\/i0.wp.com\/www.colegiosansebastian.edu.gt\/wp-content\/uploads\/2024\/07\/IMG-20240701-WA0013.jpg?fit=705%2C529&ssl=1\" title=\"IMG-20240701-WA0013\" alt=\"\" \/><\/div><\/div><figcaption class='av-inner-masonry-content site-background'><div class='av-inner-masonry-content-pos'><div class='av-inner-masonry-content-pos-content'><div class='avia-arrow'><\/div><div class='av-masonry-entry-content entry-content'  itemprop=\"text\" >Homenajeados 2024<\/div><\/div><\/div><\/figcaption><\/figure><\/div><!--end av-masonry entry--><div id='av-masonry-3-item-2226' data-av-masonry-item='2226' class='av-masonry-entry isotope-item post-2226 attachment type-attachment status-inherit hentry  av-masonry-item-with-image'   itemprop=\"thumbnailUrl\" ><div class='av-inner-masonry-sizer'><\/div><figure class='av-inner-masonry main_color'><div class=\"av-masonry-outerimage-container\"><div class=\"av-masonry-image-container\" style=\"background-image: url(https:\/\/i0.wp.com\/www.colegiosansebastian.edu.gt\/wp-content\/uploads\/2024\/07\/IMG-20240701-WA0011.jpg?fit=705%2C529&ssl=1);\"><img decoding=\"async\" src=\"https:\/\/i0.wp.com\/www.colegiosansebastian.edu.gt\/wp-content\/uploads\/2024\/07\/IMG-20240701-WA0011.jpg?fit=705%2C529&ssl=1\" title=\"IMG-20240701-WA0011\" alt=\"\" \/><\/div><\/div><figcaption class='av-inner-masonry-content site-background'><div class='av-inner-masonry-content-pos'><div class='av-inner-masonry-content-pos-content'><div class='avia-arrow'><\/div><div class='av-masonry-entry-content entry-content'  itemprop=\"text\" >Personal docente y administrativo 2024<\/div><\/div><\/div><\/figcaption><\/figure><\/div><!--end av-masonry entry--><\/div><\/div><br \/>\n<div class='avia-image-container  av-styling-     avia-align-center '  itemscope=\"itemscope\" itemtype=\"https:\/\/schema.org\/ImageObject\"  ><div class='avia-image-container-inner'><img data-recalc-dims=\"1\" class='avia_image ' src=\"https:\/\/i0.wp.com\/www.colegiosansebastian.edu.gt\/wp-content\/uploads\/2022\/02\/Biografia-Maestro-Marroquin.jpeg?w=1500&#038;ssl=1\" alt='' title=''   itemprop=\"thumbnailUrl\"  \/><\/div><\/div><\/p><\/div><\/p>\n<\/div><\/div><\/div><\/div><\/div><\/div><!-- close content main div --><\/div><\/div><div id='av-layout-grid-5' class='av-layout-grid-container entry-content-wrapper main_color av-flex-cells    container_wrap sidebar_right'   >\n<div class=\"flex_cell no_margin av_one_full    av-zero-padding \" style='vertical-align:top; padding:0px; background-color:#ffffff; '><div class='flex_cell_inner' ><p><div class='flex_column_table av-equal-height-column-flextable -flextable' ><div class=\"flex_column av_two_third  flex_column_table_cell av-equal-height-column av-align-middle first   \" style='padding:0px 5px 0px 5px ; background-color:rgba(255,255,255,0.94); border-radius:0px; '><p><div class='avia-image-container  av-styling-     avia-align-center '  itemscope=\"itemscope\" itemtype=\"https:\/\/schema.org\/ImageObject\"  ><div class='avia-image-container-inner'><img data-recalc-dims=\"1\" class='avia_image ' src=\"https:\/\/i0.wp.com\/www.colegiosansebastian.edu.gt\/wp-content\/uploads\/2022\/02\/Biografia-Maestro-Marroquin.jpeg?w=1500&#038;ssl=1\" alt='' title=''   itemprop=\"thumbnailUrl\"  \/><\/div><\/div><br \/>\n<section class=\"av_textblock_section \"  itemscope=\"itemscope\" itemtype=\"https:\/\/schema.org\/CreativeWork\" ><div class='avia_textblock  av_inherit_color '  style='color:#000000; '  itemprop=\"text\" ><h2>Homenaje 50 A\u00f1os de Servicio<\/h2>\n<div class=\"html-div xe8uvvx xdj266r x11i5rnm xat24cr x1mh8g0r xexx8yu x4uap5 x18d9i69 xkhd6sd\">\n<div class=\"html-div xe8uvvx xdj266r x11i5rnm x1mh8g0r x18d9i69 x1cy8zhl x78zum5 x1q0g3np xod5an3 x1pi30zi x1swvt13 xz9dl7a\">\n<div class=\"html-div xe8uvvx xdj266r x11i5rnm xat24cr x1mh8g0r xexx8yu x4uap5 x18d9i69 xkhd6sd x1iyjqo2\">\n<div class=\"x78zum5 xdt5ytf xz62fqu x16ldp7u\">\n<div class=\"xu06os2 x1ok221b\">\n<h2 id=\":rha:\" class=\"html-h2 xe8uvvx x11i5rnm xat24cr x1mh8g0r xexx8yu x4uap5 x18d9i69 xkhd6sd x1vvkbs x1heor9g x1qlqyl8 x1pd3egz x1a2a7pz x1gslohp x1yc453h\"><span class=\"xt0psk2\"><strong><span class=\"html-span xdj266r x11i5rnm xat24cr x1mh8g0r xexx8yu x4uap5 x18d9i69 xkhd6sd x1hl2dhg x16tdsg8 x1vvkbs\">Alcald\u00eda Auxiliar Zona 1 &#8211; MuniGuate<\/span><\/strong><\/span><\/h2>\n<\/div>\n<div class=\"xu06os2 x1ok221b\"><span class=\"x193iq5w xeuugli x13faqbe x1vvkbs x1xmvt09 x1lliihq x1s928wv xhkezso x1gmr53x x1cpjm7i x1fgarty x1943h6x x4zkp8e x676frb x1nxh6w3 x1sibtaa xo1l8bm xi81zsa x1yc453h\" dir=\"auto\"><span id=\":rhb:\" class=\"html-span xdj266r x11i5rnm xat24cr x1mh8g0r xexx8yu x4uap5 x18d9i69 xkhd6sd x1hl2dhg x16tdsg8 x1vvkbs\"><canvas width=\"157.3173828125\" height=\"17\"><\/canvas><span class=\"xh99ass\"><span class=\"xzpqnlu xjm9jq1 x6ikm8r x10wlt62 x10l6tqk x1i1rx1s\">\u00a0<\/span><span aria-hidden=\"true\">\u00a0\u00b7\u00a0<\/span><\/span><\/span><\/span><\/div>\n<\/div>\n<\/div>\n<\/div>\n<\/div>\n<div class=\"html-div xe8uvvx xdj266r x11i5rnm xat24cr x1mh8g0r xexx8yu x4uap5 x18d9i69 xkhd6sd\">\n<div class=\"html-div xe8uvvx xdj266r x11i5rnm xat24cr x1mh8g0r xexx8yu x4uap5 x18d9i69 xkhd6sd\" dir=\"auto\">\n<div id=\":rhc:\" class=\"x1iorvi4 x1pi30zi x1l90r2v x1swvt13\" data-ad-comet-preview=\"message\" data-ad-preview=\"message\">\n<div class=\"x78zum5 xdt5ytf xz62fqu x16ldp7u\">\n<div class=\"xu06os2 x1ok221b\">\n<div class=\"xdj266r x11i5rnm xat24cr x1mh8g0r x1vvkbs x126k92a\">\n<div dir=\"auto\"><span class=\"html-span xexx8yu x4uap5 x18d9i69 xkhd6sd x1hl2dhg x16tdsg8 x1vvkbs x3nfvp2 x1j61x8r x1fcty0u xdj266r xhhsvwb xat24cr xgzva0m xxymvpz xlup9mm x1kky2od\"><img loading=\"lazy\" decoding=\"async\" class=\"xz74otr\" src=\"https:\/\/static.xx.fbcdn.net\/images\/emoji.php\/v9\/te3\/1\/16\/1f490.png\" alt=\"\" width=\"16\" height=\"16\" \/><\/span> \u00a150 A\u00f1os de Servicio! <span class=\"html-span xexx8yu x4uap5 x18d9i69 xkhd6sd x1hl2dhg x16tdsg8 x1vvkbs x3nfvp2 x1j61x8r x1fcty0u xdj266r xhhsvwb xat24cr xgzva0m xxymvpz xlup9mm x1kky2od\"><img loading=\"lazy\" decoding=\"async\" class=\"xz74otr\" src=\"https:\/\/static.xx.fbcdn.net\/images\/emoji.php\/v9\/te3\/1\/16\/1f490.png\" alt=\"\" width=\"16\" height=\"16\" \/><\/span>Merecido reconocimiento a la Maestra Regina Amado de Marroqu\u00edn por desempe\u00f1ar una labor tan noble e importante para la vida de muchos j\u00f3venes del <span class=\"html-span xexx8yu x4uap5 x18d9i69 xkhd6sd x1hl2dhg x16tdsg8 x1vvkbs x3nfvp2 x1j61x8r x1fcty0u xdj266r xhhsvwb xat24cr xgzva0m xxymvpz xlup9mm x1kky2od\"><img loading=\"lazy\" decoding=\"async\" class=\"xz74otr\" src=\"https:\/\/static.xx.fbcdn.net\/images\/emoji.php\/v9\/tf4\/1\/16\/2728.png\" alt=\"\" width=\"16\" height=\"16\" \/><\/span>Colegio San Sebasti\u00e1n<span class=\"html-span xexx8yu x4uap5 x18d9i69 xkhd6sd x1hl2dhg x16tdsg8 x1vvkbs x3nfvp2 x1j61x8r x1fcty0u xdj266r xhhsvwb xat24cr xgzva0m xxymvpz xlup9mm x1kky2od\"><img loading=\"lazy\" decoding=\"async\" class=\"xz74otr\" src=\"https:\/\/static.xx.fbcdn.net\/images\/emoji.php\/v9\/tf4\/1\/16\/2728.png\" alt=\"\" width=\"16\" height=\"16\" \/><\/span>. Su dedicaci\u00f3n y compromiso han dejado una huella imborrable en las generaciones. \u00a1Felicitaciones, Maestra Regina! <span class=\"html-span xexx8yu x4uap5 x18d9i69 xkhd6sd x1hl2dhg x16tdsg8 x1vvkbs x3nfvp2 x1j61x8r x1fcty0u xdj266r xhhsvwb xat24cr xgzva0m xxymvpz xlup9mm x1kky2od\"><img loading=\"lazy\" decoding=\"async\" class=\"xz74otr\" src=\"https:\/\/static.xx.fbcdn.net\/images\/emoji.php\/v9\/tfe\/1\/16\/1f44f.png\" alt=\"\" width=\"16\" height=\"16\" \/>\u00a0 \u00a0 \u00a0 \u00a0 Alcald\u00eda Auxiliar<\/span><\/div>\n<div dir=\"auto\"><\/div>\n<\/div>\n<div dir=\"auto\"><\/div>\n<div class=\"xdj266r x11i5rnm xat24cr x1mh8g0r x1vvkbs x126k92a\"><\/div>\n<div class=\"x11i5rnm xat24cr x1mh8g0r x1vvkbs xtlvy1s x126k92a\">\n<div dir=\"auto\"><span class=\"html-span xdj266r x11i5rnm xat24cr x1mh8g0r xexx8yu x4uap5 x18d9i69 xkhd6sd x1hl2dhg x16tdsg8 x1vvkbs\"><a class=\"x1i10hfl xjbqb8w x1ejq31n xd10rxx x1sy0etr x17r0tee x972fbf xcfux6l x1qhh985 xm0m39n x9f619 x1ypdohk xt0psk2 xe8uvvx xdj266r x11i5rnm xat24cr x1mh8g0r xexx8yu x4uap5 x18d9i69 xkhd6sd x16tdsg8 x1hl2dhg xggy1nq x1a2a7pz x1sur9pj xkrqix3 x1fey0fg xo1l8bm\" tabindex=\"0\" role=\"link\" href=\"https:\/\/www.facebook.com\/hashtag\/reconocimiento?__eep__=6&amp;__cft__&#091;0&#093;=AZVBrlGXATNnKhoF9kX8UoXldjXy1lF-YJ1xWIJg6yoWN0_QpRzT0VolAm1mtQtplJAlO74XbKj7vLUSJFKms0NEfCU9LoabnRB1FRCGNIXmZ8_dQGUp8rWcXC7sh9YMOEW84jvinGPRKXCiWcY_1vbj2IMjgNUuwK54_NELvR5gW1KWZAC6dHNpjytUBTBwkqvo-Ky7KiF2ImceIPSyfafe&amp;__tn__=*NK-R\">#Reconocimiento<\/a><\/span> <span class=\"html-span xdj266r x11i5rnm xat24cr x1mh8g0r xexx8yu x4uap5 x18d9i69 xkhd6sd x1hl2dhg x16tdsg8 x1vvkbs\"><a class=\"x1i10hfl xjbqb8w x1ejq31n xd10rxx x1sy0etr x17r0tee x972fbf xcfux6l x1qhh985 xm0m39n x9f619 x1ypdohk xt0psk2 xe8uvvx xdj266r x11i5rnm xat24cr x1mh8g0r xexx8yu x4uap5 x18d9i69 xkhd6sd x16tdsg8 x1hl2dhg xggy1nq x1a2a7pz x1sur9pj xkrqix3 x1fey0fg xo1l8bm\" tabindex=\"0\" role=\"link\" href=\"https:\/\/www.facebook.com\/hashtag\/educaci%C3%B3n?__eep__=6&amp;__cft__&#091;0&#093;=AZVBrlGXATNnKhoF9kX8UoXldjXy1lF-YJ1xWIJg6yoWN0_QpRzT0VolAm1mtQtplJAlO74XbKj7vLUSJFKms0NEfCU9LoabnRB1FRCGNIXmZ8_dQGUp8rWcXC7sh9YMOEW84jvinGPRKXCiWcY_1vbj2IMjgNUuwK54_NELvR5gW1KWZAC6dHNpjytUBTBwkqvo-Ky7KiF2ImceIPSyfafe&amp;__tn__=*NK-R\">#Educaci\u00f3n<\/a><\/span> <span class=\"html-span xdj266r x11i5rnm xat24cr x1mh8g0r xexx8yu x4uap5 x18d9i69 xkhd6sd x1hl2dhg x16tdsg8 x1vvkbs\"><a class=\"x1i10hfl xjbqb8w x1ejq31n xd10rxx x1sy0etr x17r0tee x972fbf xcfux6l x1qhh985 xm0m39n x9f619 x1ypdohk xt0psk2 xe8uvvx xdj266r x11i5rnm xat24cr x1mh8g0r xexx8yu x4uap5 x18d9i69 xkhd6sd x16tdsg8 x1hl2dhg xggy1nq x1a2a7pz x1sur9pj xkrqix3 x1fey0fg xo1l8bm\" tabindex=\"0\" role=\"link\" href=\"https:\/\/www.facebook.com\/hashtag\/muniguate?__eep__=6&amp;__cft__&#091;0&#093;=AZVBrlGXATNnKhoF9kX8UoXldjXy1lF-YJ1xWIJg6yoWN0_QpRzT0VolAm1mtQtplJAlO74XbKj7vLUSJFKms0NEfCU9LoabnRB1FRCGNIXmZ8_dQGUp8rWcXC7sh9YMOEW84jvinGPRKXCiWcY_1vbj2IMjgNUuwK54_NELvR5gW1KWZAC6dHNpjytUBTBwkqvo-Ky7KiF2ImceIPSyfafe&amp;__tn__=*NK-R\">#MuniGuate<\/a><\/span> <span class=\"html-span xdj266r x11i5rnm xat24cr x1mh8g0r xexx8yu x4uap5 x18d9i69 xkhd6sd x1hl2dhg x16tdsg8 x1vvkbs\"><a class=\"x1i10hfl xjbqb8w x1ejq31n xd10rxx x1sy0etr x17r0tee x972fbf xcfux6l x1qhh985 xm0m39n x9f619 x1ypdohk xt0psk2 xe8uvvx xdj266r x11i5rnm xat24cr x1mh8g0r xexx8yu x4uap5 x18d9i69 xkhd6sd x16tdsg8 x1hl2dhg xggy1nq x1a2a7pz x1sur9pj xkrqix3 x1fey0fg xo1l8bm\" tabindex=\"0\" role=\"link\" href=\"https:\/\/www.facebook.com\/hashtag\/unaciudadparaaprender?__eep__=6&amp;__cft__&#091;0&#093;=AZVBrlGXATNnKhoF9kX8UoXldjXy1lF-YJ1xWIJg6yoWN0_QpRzT0VolAm1mtQtplJAlO74XbKj7vLUSJFKms0NEfCU9LoabnRB1FRCGNIXmZ8_dQGUp8rWcXC7sh9YMOEW84jvinGPRKXCiWcY_1vbj2IMjgNUuwK54_NELvR5gW1KWZAC6dHNpjytUBTBwkqvo-Ky7KiF2ImceIPSyfafe&amp;__tn__=*NK-R\">#UnaCiudadParaAprender<\/a><\/span> <span class=\"html-span xdj266r x11i5rnm xat24cr x1mh8g0r xexx8yu x4uap5 x18d9i69 xkhd6sd x1hl2dhg x16tdsg8 x1vvkbs\"><a class=\"x1i10hfl xjbqb8w x1ejq31n xd10rxx x1sy0etr x17r0tee x972fbf xcfux6l x1qhh985 xm0m39n x9f619 x1ypdohk xt0psk2 xe8uvvx xdj266r x11i5rnm xat24cr x1mh8g0r xexx8yu x4uap5 x18d9i69 xkhd6sd x16tdsg8 x1hl2dhg xggy1nq x1a2a7pz x1sur9pj xkrqix3 x1fey0fg xo1l8bm\" tabindex=\"0\" role=\"link\" href=\"https:\/\/www.facebook.com\/hashtag\/unaciudadparavivir?__eep__=6&amp;__cft__&#091;0&#093;=AZVBrlGXATNnKhoF9kX8UoXldjXy1lF-YJ1xWIJg6yoWN0_QpRzT0VolAm1mtQtplJAlO74XbKj7vLUSJFKms0NEfCU9LoabnRB1FRCGNIXmZ8_dQGUp8rWcXC7sh9YMOEW84jvinGPRKXCiWcY_1vbj2IMjgNUuwK54_NELvR5gW1KWZAC6dHNpjytUBTBwkqvo-Ky7KiF2ImceIPSyfafe&amp;__tn__=*NK-R\">#UnaCiudadParaVivir<\/a><\/span> <span class=\"html-span xdj266r x11i5rnm xat24cr x1mh8g0r xexx8yu x4uap5 x18d9i69 xkhd6sd x1hl2dhg x16tdsg8 x1vvkbs\"><a class=\"x1i10hfl xjbqb8w x1ejq31n xd10rxx x1sy0etr x17r0tee x972fbf xcfux6l x1qhh985 xm0m39n x9f619 x1ypdohk xt0psk2 xe8uvvx xdj266r x11i5rnm xat24cr x1mh8g0r xexx8yu x4uap5 x18d9i69 xkhd6sd x16tdsg8 x1hl2dhg xggy1nq x1a2a7pz x1sur9pj xkrqix3 x1fey0fg xo1l8bm\" tabindex=\"0\" role=\"link\" href=\"https:\/\/www.facebook.com\/hashtag\/d2?__eep__=6&amp;__cft__&#091;0&#093;=AZVBrlGXATNnKhoF9kX8UoXldjXy1lF-YJ1xWIJg6yoWN0_QpRzT0VolAm1mtQtplJAlO74XbKj7vLUSJFKms0NEfCU9LoabnRB1FRCGNIXmZ8_dQGUp8rWcXC7sh9YMOEW84jvinGPRKXCiWcY_1vbj2IMjgNUuwK54_NELvR5gW1KWZAC6dHNpjytUBTBwkqvo-Ky7KiF2ImceIPSyfafe&amp;__tn__=*NK-R\">#D2<\/a><\/span> <span class=\"html-span xexx8yu x4uap5 x18d9i69 xkhd6sd x1hl2dhg x16tdsg8 x1vvkbs x3nfvp2 x1j61x8r x1fcty0u xdj266r xhhsvwb xat24cr xgzva0m xxymvpz xlup9mm x1kky2od\"><img loading=\"lazy\" decoding=\"async\" class=\"xz74otr\" src=\"https:\/\/static.xx.fbcdn.net\/images\/emoji.php\/v9\/t49\/1\/16\/1f4da.png\" alt=\"\" width=\"16\" height=\"16\" \/><\/span><span class=\"html-span xexx8yu x4uap5 x18d9i69 xkhd6sd x1hl2dhg x16tdsg8 x1vvkbs x3nfvp2 x1j61x8r x1fcty0u xdj266r xhhsvwb xat24cr xgzva0m xxymvpz xlup9mm x1kky2od\"><img loading=\"lazy\" decoding=\"async\" class=\"xz74otr\" src=\"https:\/\/static.xx.fbcdn.net\/images\/emoji.php\/v9\/t28\/1\/16\/1f3eb.png\" alt=\"\" width=\"16\" height=\"16\" \/><\/span><\/div>\n<\/div>\n<\/div>\n<\/div>\n<\/div>\n<\/div>\n<\/div>\n<\/div><\/section><\/p><\/div><\/div><!--close column table wrapper. Autoclose: 1 --><div class=\"flex_column av_one_full  flex_column_div first   \" style='padding:5px 30px 5px 30px ; background-color:rgba(255,255,255,0.94); border-radius:0px; '><p><div id='av-masonry-4' class='av-masonry noHover av-fixed-size av-1px-gap av-hover-overlay- av-masonry-col-5 av-caption-always av-caption-style- av-masonry-gallery   av-orientation-portrait-large  ' style='background-color:#ffffff; ' ><div class='av-masonry-container isotope av-js-disabled ' ><div class='av-masonry-entry isotope-item av-masonry-item-no-image '><\/div><div id='av-masonry-4-item-2215' data-av-masonry-item='2215' class='av-masonry-entry isotope-item post-2215 attachment type-attachment status-inherit hentry  av-masonry-item-with-image'   itemprop=\"thumbnailUrl\" ><div class='av-inner-masonry-sizer'><\/div><figure class='av-inner-masonry main_color'><div class=\"av-masonry-outerimage-container\"><div class=\"av-masonry-image-container\" style=\"background-image: url(https:\/\/i0.wp.com\/www.colegiosansebastian.edu.gt\/wp-content\/uploads\/2024\/05\/Dona-Regina-Muni-2-1.jpg?fit=529%2C705&ssl=1);\"><img decoding=\"async\" src=\"https:\/\/i0.wp.com\/www.colegiosansebastian.edu.gt\/wp-content\/uploads\/2024\/05\/Dona-Regina-Muni-2-1.jpg?fit=529%2C705&ssl=1\" title=\"Do\u00f1a Regina Muni 2\" alt=\"\" \/><\/div><\/div><\/figure><\/div><!--end av-masonry entry--><div id='av-masonry-4-item-2216' data-av-masonry-item='2216' class='av-masonry-entry isotope-item post-2216 attachment type-attachment status-inherit hentry  av-masonry-item-with-image'   itemprop=\"thumbnailUrl\" ><div class='av-inner-masonry-sizer'><\/div><figure class='av-inner-masonry main_color'><div class=\"av-masonry-outerimage-container\"><div class=\"av-masonry-image-container\" style=\"background-image: url(https:\/\/i0.wp.com\/www.colegiosansebastian.edu.gt\/wp-content\/uploads\/2024\/05\/Dona-Regina-Muni-4-1.jpg?fit=705%2C529&ssl=1);\"><img decoding=\"async\" src=\"https:\/\/i0.wp.com\/www.colegiosansebastian.edu.gt\/wp-content\/uploads\/2024\/05\/Dona-Regina-Muni-4-1.jpg?fit=705%2C529&ssl=1\" title=\"Do\u00f1a Regina Muni 4\" alt=\"\" \/><\/div><\/div><\/figure><\/div><!--end av-masonry entry--><div id='av-masonry-4-item-2217' data-av-masonry-item='2217' class='av-masonry-entry isotope-item post-2217 attachment type-attachment status-inherit hentry  av-masonry-item-with-image'   itemprop=\"thumbnailUrl\" ><div class='av-inner-masonry-sizer'><\/div><figure class='av-inner-masonry main_color'><div class=\"av-masonry-outerimage-container\"><div class=\"av-masonry-image-container\" style=\"background-image: url(https:\/\/i0.wp.com\/www.colegiosansebastian.edu.gt\/wp-content\/uploads\/2024\/05\/Dona-Regina-Muni-5-1.jpg?fit=564%2C705&ssl=1);\"><img decoding=\"async\" src=\"https:\/\/i0.wp.com\/www.colegiosansebastian.edu.gt\/wp-content\/uploads\/2024\/05\/Dona-Regina-Muni-5-1.jpg?fit=564%2C705&ssl=1\" title=\"Do\u00f1a Regina Muni 5\" alt=\"\" \/><\/div><\/div><\/figure><\/div><!--end av-masonry entry--><div id='av-masonry-4-item-2218' data-av-masonry-item='2218' class='av-masonry-entry isotope-item post-2218 attachment type-attachment status-inherit hentry  av-masonry-item-with-image'   itemprop=\"thumbnailUrl\" ><div class='av-inner-masonry-sizer'><\/div><figure class='av-inner-masonry main_color'><div class=\"av-masonry-outerimage-container\"><div class=\"av-masonry-image-container\" style=\"background-image: url(https:\/\/i0.wp.com\/www.colegiosansebastian.edu.gt\/wp-content\/uploads\/2024\/05\/Dona-Regina-Muni-1-1.jpg?fit=529%2C705&ssl=1);\"><img decoding=\"async\" src=\"https:\/\/i0.wp.com\/www.colegiosansebastian.edu.gt\/wp-content\/uploads\/2024\/05\/Dona-Regina-Muni-1-1.jpg?fit=529%2C705&ssl=1\" title=\"Do\u00f1a Regina Muni 1\" alt=\"\" \/><\/div><\/div><\/figure><\/div><!--end av-masonry entry--><div id='av-masonry-4-item-2219' data-av-masonry-item='2219' class='av-masonry-entry isotope-item post-2219 attachment type-attachment status-inherit hentry  av-masonry-item-with-image'   itemprop=\"thumbnailUrl\" ><div class='av-inner-masonry-sizer'><\/div><figure class='av-inner-masonry main_color'><div class=\"av-masonry-outerimage-container\"><div class=\"av-masonry-image-container\" style=\"background-image: url(https:\/\/i0.wp.com\/www.colegiosansebastian.edu.gt\/wp-content\/uploads\/2024\/05\/Dona-Regina-Muni-3-1.jpg?fit=529%2C705&ssl=1);\"><img decoding=\"async\" src=\"https:\/\/i0.wp.com\/www.colegiosansebastian.edu.gt\/wp-content\/uploads\/2024\/05\/Dona-Regina-Muni-3-1.jpg?fit=529%2C705&ssl=1\" title=\"Do\u00f1a Regina Muni 3\" alt=\"\" \/><\/div><\/div><\/figure><\/div><!--end av-masonry entry--><\/div><\/div><br \/>\n<div class='avia-image-container  av-styling-     avia-align-center '  itemscope=\"itemscope\" itemtype=\"https:\/\/schema.org\/ImageObject\"  ><div class='avia-image-container-inner'><img data-recalc-dims=\"1\" class='avia_image ' src=\"https:\/\/i0.wp.com\/www.colegiosansebastian.edu.gt\/wp-content\/uploads\/2022\/02\/Biografia-Maestro-Marroquin.jpeg?w=1500&#038;ssl=1\" alt='' title=''   itemprop=\"thumbnailUrl\"  \/><\/div><\/div><\/p><\/div><\/p>\n<\/div><\/div>\n<\/div><\/p>\n<\/div><\/div><\/div><!-- close content main div --><\/div><\/div><div id='av-layout-grid-6' class='av-layout-grid-container entry-content-wrapper main_color av-flex-cells     container_wrap sidebar_right'   >\n<div class=\"flex_cell no_margin av_one_full    \" style='vertical-align:top; padding:5px; background-color:#efefef; '><div class='flex_cell_inner' ><p><div class='flex_column_table av-equal-height-column-flextable -flextable' ><div class=\"flex_column av_one_fourth  no_margin flex_column_table_cell av-equal-height-column av-align-bottom first   \" style='padding:5px; background-color:rgba(255,255,255,0.94); border-radius:0px; '><p><div class='template-blog  '  itemscope=\"itemscope\" itemtype=\"https:\/\/schema.org\/Blog\" ><article class='post-entry post-entry-type-video post-entry-2173 post-loop-1 post-parity-odd post-entry-last single-big  post-2173 post type-post status-publish format-video hentry category-homenajes tag-homenajes post_format-post-format-video'  itemscope=\"itemscope\" itemtype=\"https:\/\/schema.org\/BlogPosting\" ><div class='blog-meta'><\/div><div class='entry-content-wrapper clearfix video-content'><header class=\"entry-content-header\"><h2 class='post-title entry-title'  itemprop=\"headline\" >\t<a href='https:\/\/www.colegiosansebastian.edu.gt\/?p=2173' rel='bookmark' title='Enlace permanente: Homenaje 50 A\u00f1os de Servicio<p style = \"font-size: 12px;\"> Regina de Marroqu\u00edn <\/p>'>Homenaje 50 A\u00f1os de Servicio<p style = \"font-size: 12px;\"> Regina de Marroqu\u00edn <\/p>\t\t\t<span class='post-format-icon minor-meta'><\/span>\t<\/a><\/h2><span class='post-meta-infos'><time class='date-container minor-meta updated' >marzo 23, 2024<\/time><span class='text-sep text-sep-date'>\/<\/span><span class='comment-container minor-meta'><a href=\"https:\/\/www.colegiosansebastian.edu.gt\/?p=2173#respond\" class=\"comments-link\" >0 Comentarios<\/a><\/span><span class='text-sep text-sep-comment'>\/<\/span><span class=\"blog-categories minor-meta\">en <a href=\"https:\/\/www.colegiosansebastian.edu.gt\/?cat=59\" rel=\"tag\">Homenajes<\/a> <\/span><span class=\"text-sep text-sep-cat\">\/<\/span><span class=\"blog-author minor-meta\">por <span class=\"entry-author-link\" ><span class=\"vcard author\"><span class=\"fn\"><a href=\"https:\/\/www.colegiosansebastian.edu.gt\/?author=1\" title=\"Entradas de Colegio para Varones San Sebasti\u00e1n\" rel=\"author\">Colegio para Varones San Sebasti\u00e1n<\/a><\/span><\/span><\/span><\/span><\/span><\/header><div class=\"entry-content\"  itemprop=\"text\" ><div style=\"width: 720px;\" class=\"wp-video\"><video class=\"wp-video-shortcode\" id=\"video-2173-1\" width=\"720\" height=\"480\" preload=\"metadata\" controls=\"controls\"><source type=\"video\/mp4\" src=\"https:\/\/www.colegiosansebastian.edu.gt\/wp-content\/uploads\/2024\/03\/Bi-dona-Regina.mp4?_=1\" \/><a href=\"https:\/\/www.colegiosansebastian.edu.gt\/wp-content\/uploads\/2024\/03\/Bi-dona-Regina.mp4\">https:\/\/www.colegiosansebastian.edu.gt\/wp-content\/uploads\/2024\/03\/Bi-dona-Regina.mp4<\/a><\/video><\/div>\n<\/div><footer class=\"entry-footer\"><\/footer><div class='post_delimiter'><\/div><\/div><div class='post_author_timeline'><\/div><span class='hidden'>\n\t\t\t<span class='av-structured-data'  itemscope=\"itemscope\" itemtype=\"https:\/\/schema.org\/ImageObject\"  itemprop='image'>\n\t\t\t\t\t   <span itemprop='url' >https:\/\/www.colegiosansebastian.edu.gt\/wp-content\/uploads\/2020\/06\/Logo-CSS-425x156-1-300x110.png<\/span>\n\t\t\t\t\t   <span itemprop='height' >0<\/span>\n\t\t\t\t\t   <span itemprop='width' >0<\/span>\n\t\t\t\t  <\/span><span class='av-structured-data'  itemprop=\"publisher\" itemtype=\"https:\/\/schema.org\/Organization\" itemscope=\"itemscope\" >\n\t\t\t\t<span itemprop='name'>Colegio para Varones San Sebasti\u00e1n<\/span>\n\t\t\t\t<span itemprop='logo' itemscope itemtype='http:\/\/schema.org\/ImageObject'>\n\t\t\t\t   <span itemprop='url'>https:\/\/www.colegiosansebastian.edu.gt\/wp-content\/uploads\/2020\/06\/Logo-CSS-425x156-1-300x110.png<\/span>\n\t\t\t\t <\/span>\n\t\t\t  <\/span><span class='av-structured-data'  itemprop=\"author\" itemscope=\"itemscope\" itemtype=\"https:\/\/schema.org\/Person\" ><span itemprop='name'>Colegio para Varones San Sebasti\u00e1n<\/span><\/span><span class='av-structured-data'  itemprop=\"datePublished\" datetime=\"2024-03-23T19:23:38-06:00\" >2024-03-23 19:23:38<\/span><span class='av-structured-data'  itemprop=\"dateModified\" itemtype=\"https:\/\/schema.org\/dateModified\" >2024-03-23 19:37:04<\/span><span class='av-structured-data'  itemprop=\"mainEntityOfPage\" itemtype=\"https:\/\/schema.org\/mainEntityOfPage\" ><span itemprop='name'>Homenaje 50 A\u00f1os de Servicio<p style = \"font-size: 12px;\"> Regina de Marroqu\u00edn <\/p><\/span><\/span><\/span><\/article><div class='single-big'><\/div><\/div><br \/>\n<div class='avia-image-container  av-styling-     avia-align-center '  itemscope=\"itemscope\" itemtype=\"https:\/\/schema.org\/ImageObject\"  ><div class='avia-image-container-inner'><img data-recalc-dims=\"1\" class='avia_image ' src=\"https:\/\/i0.wp.com\/www.colegiosansebastian.edu.gt\/wp-content\/uploads\/2022\/02\/Biografia-Maestro-Marroquin.jpeg?w=1500&#038;ssl=1\" alt='' title=''   itemprop=\"thumbnailUrl\"  \/><\/div><\/div><\/p><\/div><\/div><!--close column table wrapper. Autoclose: 1 --><div class='flex_column_table av-equal-height-column-flextable -flextable' ><div class=\"flex_column av_three_fourth  no_margin flex_column_table_cell av-equal-height-column av-align-bottom    \" style='padding:100px 5px 5px 5px ; background-color:rgba(255,255,255,0.94); border-radius:0px; '><p><section class=\"avia_codeblock_section  avia_code_block_1\"  itemscope=\"itemscope\" itemtype=\"https:\/\/schema.org\/BlogPosting\" itemprop=\"blogPost\" ><div class='avia_codeblock '  itemprop=\"text\" > [avia_codeblock_placeholder uid=\"1\"] <\/div><\/section><br \/>\n<div class='avia-image-container  av-styling-     avia-align-center '  itemscope=\"itemscope\" itemtype=\"https:\/\/schema.org\/ImageObject\"  ><div class='avia-image-container-inner'><img data-recalc-dims=\"1\" class='avia_image ' src=\"https:\/\/i0.wp.com\/www.colegiosansebastian.edu.gt\/wp-content\/uploads\/2022\/02\/Biografia-Maestro-Marroquin.jpeg?w=1500&#038;ssl=1\" alt='' title=''   itemprop=\"thumbnailUrl\"  \/><\/div><\/div><\/p><\/div><\/div><!--close column table wrapper. Autoclose: 1 --><\/p>\n<\/div><\/div>\n<\/div>\n<\/div><\/div><\/div><!-- close content main div --><\/div><\/div><div id='av-layout-grid-7' class='av-layout-grid-container entry-content-wrapper main_color av-flex-cells    container_wrap sidebar_right'   >\n<div class=\"flex_cell no_margin av_one_full    \" style='vertical-align:top; padding:5px; background-color:#ffffff; '><div class='flex_cell_inner' ><p><div class='flex_column_table av-equal-height-column-flextable -flextable' ><div class=\"flex_column av_one_half  flex_column_table_cell av-equal-height-column av-align-middle first   \" style='padding:5px; background-color:rgba(255,255,255,0.94); border-radius:0px; '><p><div class='avia-image-container  av-styling-     avia-align-center '  itemscope=\"itemscope\" itemtype=\"https:\/\/schema.org\/ImageObject\"  ><div class='avia-image-container-inner'><img data-recalc-dims=\"1\" class='avia_image ' src=\"https:\/\/i0.wp.com\/www.colegiosansebastian.edu.gt\/wp-content\/uploads\/2022\/02\/Biografia-Maestro-Marroquin.jpeg?w=1500&#038;ssl=1\" alt='' title=''   itemprop=\"thumbnailUrl\"  \/><\/div><\/div><br \/>\n<section class=\"av_textblock_section \"  itemscope=\"itemscope\" itemtype=\"https:\/\/schema.org\/BlogPosting\" itemprop=\"blogPost\" ><div class='avia_textblock  av_inherit_color '  style='color:#000000; '  itemprop=\"text\" ><h2>Primera Actividad &#8211; Graduandos 2024<\/h2>\n<p>En febrero inauguramos el proceso de orientaci\u00f3n vocacional con los graduandos de la XV promoci\u00f3n de Bachilleres en Ciencias y Letras, con una conferencia titulada <em>\u00abLa importancia de la elecci\u00f3n de carrera universitaria\u00bb<\/em>, fue disertada por el <em>Dr. Jos\u00e9 Moreno<\/em>, ex-alumno destacado de nuestro colegio.<\/p>\n<p>Los j\u00f3venes identificaron\u00a0sus habilidades, intereses, destrezas, valores, as\u00ed como los factores internos y externos que pueden influir en su pr\u00f3xima\u00a0elecci\u00f3n. Animamos a nuestros estudiantes a informarse sobre los distintos procesos de admisi\u00f3n, a participar activamente en las actividades programadas en el colegio y en las universidades y a dialogar con sus padres sobre las orientaciones que reciban.\u00a0 Estamos seguros que ser\u00e1 un a\u00f1o exitoso.<\/p>\n<p><em>Licda. Gaby Obando<\/em><\/p>\n<\/div><\/section><\/p><\/div><\/div><!--close column table wrapper. Autoclose: 1 --><div class='flex_column_table av-equal-height-column-flextable -flextable' ><div class='av-flex-placeholder'><\/div><div class=\"flex_column av_one_half  flex_column_table_cell av-equal-height-column av-align-middle    \" style='padding:30px; background-color:rgba(255,255,255,0.94); border-radius:0px; '><p><div class='avia-image-container  av-styling-     avia-align-center '  itemscope=\"itemscope\" itemtype=\"https:\/\/schema.org\/ImageObject\"  ><div class='avia-image-container-inner'><img data-recalc-dims=\"1\" class='avia_image ' src=\"https:\/\/i0.wp.com\/www.colegiosansebastian.edu.gt\/wp-content\/uploads\/2022\/02\/Biografia-Maestro-Marroquin.jpeg?w=1500&#038;ssl=1\" alt='' title=''   itemprop=\"thumbnailUrl\"  \/><\/div><\/div><br \/>\n<div class='avia-image-container  av-styling-     avia-align-center '  itemscope=\"itemscope\" itemtype=\"https:\/\/schema.org\/ImageObject\"  ><div class='avia-image-container-inner'><img class='avia_image ' src='https:\/\/i0.wp.com\/www.colegiosansebastian.edu.gt\/wp-content\/uploads\/2024\/02\/Proceso-orientacion-vocacional-3.png?fit=1050%2C1050&ssl=1' alt='' title=''   itemprop=\"thumbnailUrl\"  \/><\/div><\/div><\/p><\/div><\/div><!--close column table wrapper. Autoclose: 1 --><div class=\"flex_column av_one_full  flex_column_div first   \" style='padding:5px 30px 5px 30px ; background-color:rgba(255,255,255,0.94); border-radius:0px; '><p><div id='av-masonry-5' class='av-masonry noHover av-flex-size av-large-gap av-hover-overlay-active av-masonry-col-3 av-caption-always av-caption-style- av-masonry-gallery     ' style='background-color:#ffffff; ' ><div class='av-masonry-container isotope av-js-disabled ' ><div class='av-masonry-entry isotope-item av-masonry-item-no-image '><\/div><div id='av-masonry-5-item-2151' data-av-masonry-item='2151' class='av-masonry-entry isotope-item post-2151 attachment type-attachment status-inherit hentry  av-masonry-item-with-image'   itemprop=\"thumbnailUrl\" ><div class='av-inner-masonry-sizer'><\/div><figure class='av-inner-masonry main_color'><div class=\"av-masonry-outerimage-container\"><div class=\"av-masonry-image-container\" style=\"background-image: url(https:\/\/i0.wp.com\/www.colegiosansebastian.edu.gt\/wp-content\/uploads\/2024\/02\/Proceso-orientacion-vocacional-2.png?fit=705%2C705&ssl=1);\"><img decoding=\"async\" src=\"https:\/\/i0.wp.com\/www.colegiosansebastian.edu.gt\/wp-content\/uploads\/2024\/02\/Proceso-orientacion-vocacional-2.png?fit=705%2C705&ssl=1\" title=\"\" alt=\"\" \/><\/div><\/div><\/figure><\/div><!--end av-masonry entry--><div id='av-masonry-5-item-2150' data-av-masonry-item='2150' class='av-masonry-entry isotope-item post-2150 attachment type-attachment status-inherit hentry  av-masonry-item-with-image'   itemprop=\"thumbnailUrl\" ><div class='av-inner-masonry-sizer'><\/div><figure class='av-inner-masonry main_color'><div class=\"av-masonry-outerimage-container\"><div class=\"av-masonry-image-container\" style=\"background-image: url(https:\/\/i0.wp.com\/www.colegiosansebastian.edu.gt\/wp-content\/uploads\/2024\/02\/Proceso-orientacion-vocacional-.png?fit=705%2C705&ssl=1);\"><img decoding=\"async\" src=\"https:\/\/i0.wp.com\/www.colegiosansebastian.edu.gt\/wp-content\/uploads\/2024\/02\/Proceso-orientacion-vocacional-.png?fit=705%2C705&ssl=1\" title=\"\" alt=\"\" \/><\/div><\/div><\/figure><\/div><!--end av-masonry entry--><div id='av-masonry-5-item-2148' data-av-masonry-item='2148' class='av-masonry-entry isotope-item post-2148 attachment type-attachment status-inherit hentry  av-masonry-item-with-image'   itemprop=\"thumbnailUrl\" ><div class='av-inner-masonry-sizer'><\/div><figure class='av-inner-masonry main_color'><div class=\"av-masonry-outerimage-container\"><div class=\"av-masonry-image-container\" style=\"background-image: url(https:\/\/i0.wp.com\/www.colegiosansebastian.edu.gt\/wp-content\/uploads\/2024\/02\/Proceso-orientacion-vocacional-1.png?fit=705%2C705&ssl=1);\"><img decoding=\"async\" src=\"https:\/\/i0.wp.com\/www.colegiosansebastian.edu.gt\/wp-content\/uploads\/2024\/02\/Proceso-orientacion-vocacional-1.png?fit=705%2C705&ssl=1\" title=\"\" alt=\"\" \/><\/div><\/div><\/figure><\/div><!--end av-masonry entry--><\/div><\/div><br \/>\n<div class='avia-image-container  av-styling-     avia-align-center '  itemscope=\"itemscope\" itemtype=\"https:\/\/schema.org\/ImageObject\"  ><div class='avia-image-container-inner'><img data-recalc-dims=\"1\" class='avia_image ' src=\"https:\/\/i0.wp.com\/www.colegiosansebastian.edu.gt\/wp-content\/uploads\/2022\/02\/Biografia-Maestro-Marroquin.jpeg?w=1500&#038;ssl=1\" alt='' title=''   itemprop=\"thumbnailUrl\"  \/><\/div><\/div><\/p><\/div><\/p>\n<\/div><\/div>\n<\/div>\n<\/div><\/div><\/div><!-- close content main div --><\/div><\/div><div id='av-layout-grid-8' class='av-layout-grid-container entry-content-wrapper main_color av-flex-cells    container_wrap sidebar_right'   >\n<div class=\"flex_cell no_margin av_one_full    \" style='background-image:url(https:\/\/i0.wp.com\/www.colegiosansebastian.edu.gt\/wp-content\/uploads\/2020\/07\/Banner-inicio-6.jpg?fit=1280%2C960&ssl=1); background-position:top left; background-repeat:no-repeat; background-attachment:scroll; vertical-align:top; padding:30px; background-color:#ffffff; '><div class='flex_cell_inner' ><div class=\"flex_column av_one_full  flex_column_div first   \" style='padding:30px; background-color:rgba(255,255,255,0.94); border-radius:0px; '><p><div class='avia-image-container avia_animated_image avia_animate_when_almost_visible right-to-left av-styling-     avia-align-center '  itemscope=\"itemscope\" itemtype=\"https:\/\/schema.org\/ImageObject\"  ><div class='avia-image-container-inner'><img class='avia_image ' src='https:\/\/i0.wp.com\/www.colegiosansebastian.edu.gt\/wp-content\/uploads\/2022\/03\/TEst.png?fit=397%2C397&ssl=1' alt='' title=''   itemprop=\"thumbnailUrl\"  \/><\/div><\/div><br \/>\n<div class='avia-image-container  av-styling-     avia-align-center '  itemscope=\"itemscope\" itemtype=\"https:\/\/schema.org\/ImageObject\"  ><div class='avia-image-container-inner'><img data-recalc-dims=\"1\" class='avia_image ' src=\"https:\/\/i0.wp.com\/www.colegiosansebastian.edu.gt\/wp-content\/uploads\/2022\/02\/Biografia-Maestro-Marroquin.jpeg?w=1500&#038;ssl=1\" alt='' title=''   itemprop=\"thumbnailUrl\"  \/><\/div><\/div><\/p><\/div>\n<\/div><\/div>\n<\/div>\n<\/div><\/div><\/div><!-- close content main div --><\/div><\/div><div id='av-layout-grid-9' class='av-layout-grid-container entry-content-wrapper main_color av-flex-cells    container_wrap sidebar_right'   >\n<div class=\"flex_cell no_margin av_one_full    \" style='background-image:url(https:\/\/i0.wp.com\/www.colegiosansebastian.edu.gt\/wp-content\/uploads\/2021\/01\/suns-scaled.jpg?fit=2560%2C1516&ssl=1); background-position:top left; background-repeat:no-repeat; background-attachment:scroll; vertical-align:top; padding:30px; background-color:#d8d8d8; '><div class='flex_cell_inner' ><div class=\"flex_column av_one_full  flex_column_div first   \" style='padding:30px; border-radius:0px; '><p><div class='avia-image-container avia_animated_image avia_animate_when_almost_visible right-to-left av-styling-     avia-align-center '  itemscope=\"itemscope\" itemtype=\"https:\/\/schema.org\/ImageObject\"  ><div class='avia-image-container-inner'><img class='avia_image ' src='https:\/\/i0.wp.com\/www.colegiosansebastian.edu.gt\/wp-content\/uploads\/2022\/02\/bmm2-compressed-1.jpg?fit=1465%2C1050&ssl=1' alt='' title=''   itemprop=\"thumbnailUrl\"  \/><\/div><\/div><br \/>\n<div class='avia-image-container  av-styling-     avia-align-center '  itemscope=\"itemscope\" itemtype=\"https:\/\/schema.org\/ImageObject\"  ><div class='avia-image-container-inner'><img data-recalc-dims=\"1\" class='avia_image ' src=\"https:\/\/i0.wp.com\/www.colegiosansebastian.edu.gt\/wp-content\/uploads\/2022\/02\/Biografia-Maestro-Marroquin.jpeg?w=1500&#038;ssl=1\" alt='' title=''   itemprop=\"thumbnailUrl\"  \/><\/div><\/div><\/p><\/div>\n<\/div><\/div>\n<\/div>\n<\/div><\/div><\/div><!-- close content main div --><\/div><\/div><div id='av-layout-grid-10' class='av-layout-grid-container entry-content-wrapper main_color av-flex-cells    container_wrap sidebar_right'   >\n<div class=\"flex_cell no_margin av_one_full    \" style='vertical-align:top; padding:30px; background-color:#ffffff; '><div class='flex_cell_inner' ><section class=\"av_textblock_section \"  itemscope=\"itemscope\" itemtype=\"https:\/\/schema.org\/BlogPosting\" itemprop=\"blogPost\" ><div class='avia_textblock  '   itemprop=\"text\" ><h1 style=\"text-align: center;\">La Organizaci\u00f3n Internacional de Bandas<\/h1>\n<h3 style=\"text-align: center;\">hace homenaje p\u00f3stumo al maestro Rolando Marroqu\u00edn<\/h3>\n<\/div><\/section><br \/>\n<div class=\"flex_column av_one_half  flex_column_div first   \" style='padding:30px 30px 30px 30px ; border-radius:0px; '><div class='avia-image-container avia_animated_image avia_animate_when_almost_visible top-to-bottom av-styling-     avia-align-center '  itemscope=\"itemscope\" itemtype=\"https:\/\/schema.org\/ImageObject\"  ><div class='avia-image-container-inner'><img class='avia_image ' src='https:\/\/i0.wp.com\/www.colegiosansebastian.edu.gt\/wp-content\/uploads\/2022\/02\/Postumo-A.jpg?fit=720%2C720&ssl=1' alt='' title=''   itemprop=\"thumbnailUrl\"  \/><\/div><\/div><\/div><div class=\"flex_column av_one_half  flex_column_div    \" style='padding:30px 30px 30px 60px ; border-radius:0px; '><div class='avia-image-container avia_animated_image avia_animate_when_almost_visible top-to-bottom av-styling-     avia-align-center '  itemscope=\"itemscope\" itemtype=\"https:\/\/schema.org\/ImageObject\"  ><div class='avia-image-container-inner'><img class='avia_image ' src='https:\/\/i0.wp.com\/www.colegiosansebastian.edu.gt\/wp-content\/uploads\/2022\/02\/Postumo-B.jpg?fit=1146%2C936&ssl=1' alt='' title=''   itemprop=\"thumbnailUrl\"  \/><\/div><\/div><\/div><\/p>\n<\/div><\/div>\n<\/div>\n<\/div><\/div><\/div><!-- close content main div --><\/div><\/div><div id='av-layout-grid-11' class='av-layout-grid-container entry-content-wrapper main_color av-flex-cells    container_wrap sidebar_right'   >\n<div class=\"flex_cell no_margin av_one_full    \" style='background-image:url(https:\/\/i0.wp.com\/www.colegiosansebastian.edu.gt\/wp-content\/uploads\/2021\/01\/suns-scaled.jpg?fit=2560%2C1516&ssl=1); background-position:top left; background-repeat:no-repeat; background-attachment:scroll; vertical-align:top; padding:30px; background-color:#d8d8d8; '><div class='flex_cell_inner' ><p><div class=\"flex_column av_one_third  no_margin flex_column_div first   \" style='padding:30px 30px 30px 60px ; border-radius:0px; '><section class=\"av_textblock_section \"  itemscope=\"itemscope\" itemtype=\"https:\/\/schema.org\/BlogPosting\" itemprop=\"blogPost\" ><div class='avia_textblock  '   itemprop=\"text\" ><h2><span style=\"color: #000000;\">EL COLEGIO SAN SEBASTIAN<\/span><\/h2>\n<h3><\/h3>\n<h3>Lamenta el sensible fallecimiento del Profesor H\u00e9ctor L\u00f3pez.<\/h3>\n<\/div><\/section><\/div><div class=\"flex_column av_one_third  no_margin flex_column_div    \" style='padding:30px; border-radius:0px; '><div class='avia-image-container  av-styling-     avia-align-center '  itemscope=\"itemscope\" itemtype=\"https:\/\/schema.org\/ImageObject\"  ><div class='avia-image-container-inner'><img class='avia_image ' src='https:\/\/i0.wp.com\/www.colegiosansebastian.edu.gt\/wp-content\/uploads\/2021\/01\/Fallecimiento-Prof-Lopez-Rodriguez.jpeg?fit=814%2C1280&ssl=1' alt='Fallecimiento Prof Lopez Rodriguez' title=''   itemprop=\"thumbnailUrl\"  \/><\/div><\/div><\/div><div class=\"flex_column av_one_third  no_margin flex_column_div    \" style='padding:30px 30px 30px 30px ; border-radius:0px; '><section class=\"av_textblock_section \"  itemscope=\"itemscope\" itemtype=\"https:\/\/schema.org\/BlogPosting\" itemprop=\"blogPost\" ><div class='avia_textblock  '   itemprop=\"text\" ><h2><span style=\"color: #000000;\">ADI\u00d3S QUERIDO MAESTRO<\/span><\/h2>\n<h3>Gracias por su gran labor, descanse en paz en las manos de nuestro Padre Celestial.<\/h3>\n<\/div><\/section><\/div><\/p>\n<\/div><\/div>\n<\/div>\n<\/div><\/div><\/div><!-- close content main div --><\/div><\/div><div id='av-layout-grid-12' class='av-layout-grid-container entry-content-wrapper main_color av-flex-cells    container_wrap sidebar_right'   >\n<div class=\"flex_cell no_margin av_one_full    \" style='vertical-align:top; padding:10px; '><div class='flex_cell_inner' ><p><div class=\"flex_column av_four_fifth  no_margin flex_column_div first   \" style='padding:30px 0px 0px 60px ; border-radius:0px; '><section class=\"av_textblock_section \"  itemscope=\"itemscope\" itemtype=\"https:\/\/schema.org\/BlogPosting\" itemprop=\"blogPost\" ><div class='avia_textblock  '  style='font-size:18px; '  itemprop=\"text\" ><h1><span style=\"color: #3366ff;\">Semana de Expresi\u00f3n Cultural 2019<\/span><\/h1>\n<p><span style=\"color: #ffffff;\">H<\/span><\/p>\n<p><span style=\"color: #333333;\">El Consejo estudiantil del Liceo Secretarial Biling\u00fce nos extendi\u00f3 una invitaci\u00f3n a participar en su <\/span><span style=\"color: #333333;\">Semana Cultural Expresi\u00f3n 2019, en donde nuestros alumnos, con todo el entusiasmo que los <\/span><span style=\"color: #333333;\">caracteriza participaron en diferentes actividades. <\/span><\/p>\n<p><span style=\"color: #333333;\">Los alumnos nos representaron con mucho <\/span><span style=\"color: #333333;\">orgullo y obtuvieron diplomas en: exposici\u00f3n art\u00edstica y literaria, concurso de coro y canto <\/span><span style=\"color: #333333;\">individual, carrera 4K, concurso de ensayo, concurso de deletreo, concurso de poes\u00eda trovadoresca y juglares<\/span><span style=\"color: #333333;\">. <\/span><\/p>\n<blockquote>\n<p><span style=\"color: #333333;\">Nos sentimos muy orgullosos del grupo de alumnos.<\/span><\/p>\n<\/blockquote>\n<\/div><\/section><\/div><div class='flex_column_table av-equal-height-column-flextable -flextable' ><div class=\"flex_column av_one_half  no_margin flex_column_table_cell av-equal-height-column av-align-top first   \" style='padding:0px 60px 0px 60px ; border-radius:0px; '><div class='avia-image-container avia_animated_image avia_animate_when_almost_visible right-to-left av-styling-     avia-align-center '  itemscope=\"itemscope\" itemtype=\"https:\/\/schema.org\/ImageObject\"  ><div class='avia-image-container-inner'><img class='avia_image ' src='https:\/\/i0.wp.com\/www.colegiosansebastian.edu.gt\/wp-content\/uploads\/2020\/07\/coro-2019.png?fit=636%2C433&ssl=1' alt='' title=''   itemprop=\"thumbnailUrl\"  \/><\/div><\/div><\/div><\/div><!--close column table wrapper. Autoclose: 1 --><div class='flex_column_table av-equal-height-column-flextable -flextable' ><div class=\"flex_column av_one_half  no_margin flex_column_table_cell av-equal-height-column av-align-top    \" style='padding:0px 0px 0px 60px ; border-radius:0px; '><div class='avia-image-container avia_animated_image avia_animate_when_almost_visible right-to-left av-styling-     avia-align-center '  itemscope=\"itemscope\" itemtype=\"https:\/\/schema.org\/ImageObject\"  ><div class='avia-image-container-inner'><img class='avia_image ' src='https:\/\/i0.wp.com\/www.colegiosansebastian.edu.gt\/wp-content\/uploads\/2020\/07\/Semana-Expresi%C3%B3n-Cultural-2019.png?fit=500%2C409&ssl=1' alt='' title=''   itemprop=\"thumbnailUrl\"  \/><\/div><\/div><\/div><\/div><!--close column table wrapper. Autoclose: 1 --><\/p>\n<\/div><\/div>\n<\/div>\n<\/div><\/div><\/div><!-- close content main div --><\/div><\/div><div id='av-layout-grid-13' class='av-layout-grid-container entry-content-wrapper main_color av-flex-cells    container_wrap sidebar_right'   >\n<div class=\"flex_cell no_margin av_one_full    \" style='vertical-align:top; padding:10px; background-color:#d8d8d8; '><div class='flex_cell_inner' ><p><div class=\"flex_column av_one_half  no_margin flex_column_div first   \" style='padding:30px 0px 0px 60px ; border-radius:0px; '><section class=\"av_textblock_section \"  itemscope=\"itemscope\" itemtype=\"https:\/\/schema.org\/BlogPosting\" itemprop=\"blogPost\" ><div class='avia_textblock  '  style='font-size:18px; '  itemprop=\"text\" ><h1><span style=\"color: #3366ff;\">Reconocimiento al Comit\u00e9 de Liturgia<\/span><\/h1>\n<hr \/>\n<p><span style=\"color: #333333;\">En agosto del a\u00f1o 2019, los alumnos \u00c1ngel Cabria y Andr\u00e9s Gonz\u00e1les, que son miembros del Comit\u00e9 de Liturgia, recibieron un reconocimiento de manos de Monse\u00f1or Rodolfo Mendoza por su participaci\u00f3n y apoyo en la procesi\u00f3n infantil y mayor de la Virgen de la Asunci\u00f3n.<\/span><\/p>\n<blockquote>\n<p><span style=\"color: #000000;\">Felicitaciones al destacado grupo de alumnos por representar a nuestro colegio en actividades tan significativas para la Ciudad de Guatemala.<\/span><\/p>\n<\/blockquote>\n<\/div><\/section><\/div><div class=\"flex_column av_one_half  no_margin flex_column_div    \" style='padding:0px 0px 0px 60px ; border-radius:0px; '><div class='avia-image-container avia_animated_image avia_animate_when_almost_visible left-to-right av-styling-     avia-align-center '  itemscope=\"itemscope\" itemtype=\"https:\/\/schema.org\/ImageObject\"  ><div class='avia-image-container-inner'><img class='avia_image ' src='https:\/\/i0.wp.com\/www.colegiosansebastian.edu.gt\/wp-content\/uploads\/2020\/07\/Reconocimento-a-la-Comit%C3%A9.png?fit=500%2C409&ssl=1' alt='' title=''   itemprop=\"thumbnailUrl\"  \/><\/div><\/div><\/div><\/p>\n<\/div><\/div>\n<\/div>\n<\/div><\/div><\/div><!-- close content main div --><\/div><\/div><div id='av-layout-grid-14' class='av-layout-grid-container entry-content-wrapper main_color av-flex-cells    container_wrap sidebar_right'   >\n<div class=\"flex_cell no_margin av_one_full    av-zero-padding \" style='vertical-align:top; padding:0px; '><div class='flex_cell_inner' ><p><div class=\"flex_column av_one_full  no_margin flex_column_div first   \" style='padding:30px 0px 0px 60px ; border-radius:0px; '><section class=\"av_textblock_section \"  itemscope=\"itemscope\" itemtype=\"https:\/\/schema.org\/BlogPosting\" itemprop=\"blogPost\" ><div class='avia_textblock  '  style='font-size:18px; '  itemprop=\"text\" ><h1><span style=\"color: #3366ff;\">Noticias del Equipo de F\u00fatbol A\u00f1o 2020<\/span><\/h1>\n<\/div><\/section><\/div><div class=\"flex_column av_one_third  no_margin flex_column_div first   \" style='padding:30px 0px 0px 60px ; border-radius:0px; '><section class=\"av_textblock_section \"  itemscope=\"itemscope\" itemtype=\"https:\/\/schema.org\/BlogPosting\" itemprop=\"blogPost\" ><div class='avia_textblock  '  style='font-size:18px; '  itemprop=\"text\" ><p><span style=\"color: #333333;\">En los meses de febrero y marzo nuestra selecci\u00f3n de f\u00fatbol retom\u00f3, con las ilusiones y esperanzas de cada a\u00f1o, sus entrenos de f\u00fatbol. Se convoc\u00f3 a \u00a0los mejores jugadores de secundaria, siempre fomentando los valores que todo alumno del Blanco Batall\u00f3n debe de tener, ese amor por el colegio y ese esp\u00edritu ganador que tenemos todos al representar nuestros colores.<\/span><\/p>\n<p><span style=\"color: #333333;\">Despu\u00e9s de varios a\u00f1os regresamos al torneo inter colegial en el cual participan varios colegios como: El Roble, Infantes, Don Bosco, Liceo Javier y Liceo Guatemala con los cuales siempre hemos tenido una rivalidad sana en cualquier disciplina.<\/span><\/p>\n<p><span style=\"color: #333333;\">Nuestro primer partido lo jugamos el 17 de febrero, un partido amistoso contra el colegio San Jos\u00e9 de los Infantes el cual ganamos con un marcador de 5-2.<\/span><\/p>\n<\/div><\/section><\/div><div class=\"flex_column av_one_third  no_margin flex_column_div    \" style='padding:30px 20px 0px 20px ; border-radius:0px; '><p><div class='avia-image-container avia_animated_image avia_animate_when_almost_visible right-to-left av-styling-     avia-align-center '  itemscope=\"itemscope\" itemtype=\"https:\/\/schema.org\/ImageObject\"  ><div class='avia-image-container-inner'><img class='avia_image ' src='https:\/\/i0.wp.com\/www.colegiosansebastian.edu.gt\/wp-content\/uploads\/2020\/07\/Noticias-del-Equipo-de-Futbol.png?fit=500%2C409&ssl=1' alt='Equipo Futbol San Sebasti\u00e1n' title=''   itemprop=\"thumbnailUrl\"  \/><\/div><\/div><br \/>\n<section class=\"av_textblock_section \"  itemscope=\"itemscope\" itemtype=\"https:\/\/schema.org\/BlogPosting\" itemprop=\"blogPost\" ><div class='avia_textblock  '   itemprop=\"text\" ><p><span style=\"color: #333333;\">Continuamos el torneo el d\u00eda 04 de marzo contra el Liceo Guatemala, el cual lamentablemente perdimos. Posteriormente fuimos invitados a la kermesse del colegio Don Bosco en donde participamos con la selecci\u00f3n de f\u00fatbol 5, partido que ganamos con un marcador \u00a04-2.<\/span><\/p>\n<\/div><\/section><\/p><\/div><div class=\"flex_column av_one_third  no_margin flex_column_div    \" style='padding:35px 30px 0px 10px ; border-radius:0px; '><section class=\"av_textblock_section \"  itemscope=\"itemscope\" itemtype=\"https:\/\/schema.org\/BlogPosting\" itemprop=\"blogPost\" ><div class='avia_textblock  '   itemprop=\"text\" ><h4>[layerslider id=\u00bb6&#8243;]<\/h4>\n<h4 style=\"text-align: center;\"><span style=\"color: #333333;\">Escenas del Gol <\/span>en el \u00faltimo<br \/>\npartido jugado del 2020.<\/h4>\n<p><span style=\"color: #333333;\">Debido a la cuarentena del COVID-19, nuestro \u00faltimo partido lo jugamos el 09 de marzo contra el colegio de Infantes al cual nuevamente ganamos.<\/span><\/p>\n<p><span style=\"color: #333333;\">Los entrenos los realizamos los d\u00edas lunes de 2 a 4 de la tarde y s\u00e1bados de 8 a 10 de la ma\u00f1ana. <\/span><span style=\"color: #333333;\">! Te esperamos en el 2021!<\/span><\/p>\n<\/div><\/section><\/div><\/p>\n<\/div><\/div>\n<\/div>\n<\/div><\/div><\/div><!-- close content main div --><\/div><\/div><div id='av-layout-grid-15' class='av-layout-grid-container entry-content-wrapper main_color av-flex-cells    container_wrap sidebar_right'   >\n<div class=\"flex_cell no_margin av_one_full    \" style='vertical-align:top; padding:30px; background-color:#d8d8d8; '><div class='flex_cell_inner' ><p><div class=\"flex_column av_one_third  no_margin flex_column_div first   \" style='padding:30px 30px 30px 60px ; border-radius:0px; '><section class=\"av_textblock_section \"  itemscope=\"itemscope\" itemtype=\"https:\/\/schema.org\/BlogPosting\" itemprop=\"blogPost\" ><div class='avia_textblock  '  style='font-size:18px; '  itemprop=\"text\" ><h2 style=\"text-align: center;\"><span style=\"color: #3366ff;\">Banda Marcial &#8211; Patrimonio Cultural de la Naci\u00f3n<\/span><\/h2>\n<p><span style=\"color: #333333;\">Recientemente conmemoramos la fecha en la cual el Ministerio de Cultura y Deportes declar\u00f3 Patrimonio Cultural de la Naci\u00f3n a nuestra Banda Marcial, como un reconocimiento a su larga trayectoria art\u00edstica y cultural. <\/span><\/p>\n<p><span style=\"color: #333333;\">El Acuerdo Ministerial que avala este reconocimiento es el n\u00famero 472-2005 y se public\u00f3 el 9 de agosto del a\u00f1o 2005 en el Diario de Centroam\u00e9rica, un d\u00eda despu\u00e9s de ser emitido.<\/span><\/p>\n<blockquote>\n<p><span style=\"color: #333333;\">\u00a1 Felicitamos a la Banda Marcial, por su trayectoria de excelencia y compromiso y por poner en alto el nombre de nuestro Colegio !<\/span><\/p>\n<\/blockquote>\n<\/div><\/section><\/div><div class=\"flex_column av_one_third  no_margin flex_column_div    \" style='padding:30px; border-radius:0px; '><div class='avia-image-container  av-styling-  noHover  av-overlay-hover-deactivate    avia-align-center '  itemscope=\"itemscope\" itemtype=\"https:\/\/schema.org\/ImageObject\"  ><div class='avia-image-container-inner'><div class='av-image-caption-overlay'><div class='av-caption-image-overlay-bg' style='opacity:0.4; background-color:#000000; '><\/div><div class='av-image-caption-overlay-position'><div class='av-image-caption-overlay-center' style='color:#ffffff; '><p>Acuerdo Ministerial<br \/>\nNo. 472-2005<\/p>\n<\/div><\/div><\/div><img class='avia_image ' src='https:\/\/i0.wp.com\/www.colegiosansebastian.edu.gt\/wp-content\/uploads\/2020\/08\/Acuerdo-banda-marcial-.jpg?fit=509%2C912&ssl=1' alt='' title=''   itemprop=\"thumbnailUrl\"  \/><\/div><\/div><\/div><div class=\"flex_column av_one_third  no_margin flex_column_div    \" style='padding:30px 30px 30px 30px ; border-radius:0px; '><p><div class='avia-image-container  av-styling-     avia-align-center '  itemscope=\"itemscope\" itemtype=\"https:\/\/schema.org\/ImageObject\"  ><div class='avia-image-container-inner'><img class='avia_image ' src='https:\/\/i0.wp.com\/www.colegiosansebastian.edu.gt\/wp-content\/uploads\/2020\/08\/banner.png?fit=960%2C582&ssl=1' alt='' title=''   itemprop=\"thumbnailUrl\"  \/><\/div><\/div><br \/>\n<div class='avia-image-container  av-styling-     avia-align-center '  itemscope=\"itemscope\" itemtype=\"https:\/\/schema.org\/ImageObject\"  ><div class='avia-image-container-inner'><img class='avia_image ' src='https:\/\/i0.wp.com\/www.colegiosansebastian.edu.gt\/wp-content\/uploads\/2020\/08\/21458254_1557130950999796_6812032621014489096_o.jpg?fit=1500%2C833&ssl=1' alt='' title=''   itemprop=\"thumbnailUrl\"  \/><\/div><\/div><\/p><\/div><\/p>\n<\/div><\/div>\n<\/div>\n","protected":false},"excerpt":{"rendered":"","protected":false},"author":1,"featured_media":0,"parent":0,"menu_order":0,"comment_status":"closed","ping_status":"closed","template":"","meta":{"bgseo_title":"","bgseo_description":"","bgseo_robots_index":"index","bgseo_robots_follow":"follow","_exactmetrics_skip_tracking":false,"_exactmetrics_sitenote_active":false,"_exactmetrics_sitenote_note":"","_exactmetrics_sitenote_category":0,"footnotes":""},"class_list":["post-1195","page","type-page","status-publish","hentry"],"jetpack_sharing_enabled":true,"_links":{"self":[{"href":"https:\/\/www.colegiosansebastian.edu.gt\/index.php?rest_route=\/wp\/v2\/pages\/1195","targetHints":{"allow":["GET"]}}],"collection":[{"href":"https:\/\/www.colegiosansebastian.edu.gt\/index.php?rest_route=\/wp\/v2\/pages"}],"about":[{"href":"https:\/\/www.colegiosansebastian.edu.gt\/index.php?rest_route=\/wp\/v2\/types\/page"}],"author":[{"embeddable":true,"href":"https:\/\/www.colegiosansebastian.edu.gt\/index.php?rest_route=\/wp\/v2\/users\/1"}],"replies":[{"embeddable":true,"href":"https:\/\/www.colegiosansebastian.edu.gt\/index.php?rest_route=%2Fwp%2Fv2%2Fcomments&post=1195"}],"version-history":[{"count":79,"href":"https:\/\/www.colegiosansebastian.edu.gt\/index.php?rest_route=\/wp\/v2\/pages\/1195\/revisions"}],"predecessor-version":[{"id":2325,"href":"https:\/\/www.colegiosansebastian.edu.gt\/index.php?rest_route=\/wp\/v2\/pages\/1195\/revisions\/2325"}],"wp:attachment":[{"href":"https:\/\/www.colegiosansebastian.edu.gt\/index.php?rest_route=%2Fwp%2Fv2%2Fmedia&parent=1195"}],"curies":[{"name":"wp","href":"https:\/\/api.w.org\/{rel}","templated":true}]}}